{"id":11380,"date":"2021-02-12T12:40:20","date_gmt":"2021-02-12T12:40:20","guid":{"rendered":"https:\/\/padillacarretillaselevadoras.com\/producto\/apilador-doble-serie-ds-dt\/"},"modified":"2021-03-19T10:35:39","modified_gmt":"2021-03-19T10:35:39","slug":"apilador-doble-serie-ds-dt","status":"publish","type":"product","link":"https:\/\/padillacarretillaselevadoras.com\/fr\/catalogo\/apilador-doble-serie-ds-dt\/","title":{"rendered":"Gerbeur double palettes s\u00e9rie DS \/ s\u00e9rie DT"},"content":{"rendered":"\n\t<section class=\"section\" id=\"section_669411253\">\n\t\t<div class=\"section-bg fill\" >\n\t\t\t\t\t\t\t\t\t\n\t\t\t\n\n\t\t<\/div>\n\n\t\t\n\n\t\t<div class=\"section-content relative\">\n\t\t\t\n<div class=\"row row-collapse align-middle\"  id=\"row-1344164543\">\n\n\t<div id=\"col-1139806910\" class=\"col small-12 large-12\"  >\n\t\t\t\t<div class=\"col-inner text-center\"  >\n\t\t\t\n\t\t\t\n<a href=\"#caracteristicas\" class=\"button primary is-underline\"  style=\"padding:10px 8px 0px 8px;\">\n\t\t<span>caract\u00e9ristiques<\/span>\n\t<\/a>\n\n<a href=\"#modelos\" class=\"button primary is-underline\"  style=\"padding:10px 8px 0px 8px;\">\n\t\t<span>mod\u00e8les<\/span>\n\t<\/a>\n\n<a href=\"#opcionesyaccesorios\" class=\"button primary is-underline\"  style=\"padding:10px 8px 0px 8px;\">\n\t\t<span>options et accessoires<\/span>\n\t<\/a>\n\n\t\t<\/div>\n\t\t\t\t\t<\/div>\n\n\t\n<\/div>\n\t\t<\/div>\n\n\t\t\n<style>\n#section_669411253 {\n  padding-top: 18px;\n  padding-bottom: 18px;\n  margin-bottom: -4px;\n}\n<\/style>\n\t<\/section>\n\t\n\n\t<section class=\"section\" id=\"section_1023983371\">\n\t\t<div class=\"section-bg fill\" >\n\t\t\t\t\t\t\t\t\t\n\t\t\t\n\n\t\t<\/div>\n\n\t\t\n\n\t\t<div class=\"section-content relative\">\n\t\t\t\n<span class=\"scroll-to\" data-label=\"Scroll to: #caracteristicas\" data-bullet=\"true\" data-link=\"#caracteristicas\" data-title=\"Caracter\u00edsticas\" ><a name=\"caracteristicas\"><\/a><\/span>\n<div class=\"row row-collapse align-middle align-center\" style=\"max-width:1300px\" id=\"row-2036237914\">\n\n\t<div id=\"col-307696975\" class=\"col medium-10 small-12 large-7\"  >\n\t\t\t\t<div class=\"col-inner\"  >\n\t\t\t\n\t\t\t\n\t<div id=\"text-55478044\" class=\"text\">\n\t\t\n<h2><strong>La flexibilit\u00e9, synonyme de rentabilit\u00e9<\/strong><\/h2>\n\t\t\n<style>\n#text-55478044 {\n  font-size: 1.25rem;\n  line-height: 1.25;\n  text-align: left;\n}\n<\/style>\n\t<\/div>\n\t\n<div class=\"is-divider divider clearfix\" style=\"margin-top:0px;margin-bottom:0px;max-width:218px;height:6px;background-color:rgb(255, 130, 0);\"><\/div>\n\t<div id=\"gap-1596667873\" class=\"gap-element clearfix\" style=\"display:block; height:auto;\">\n\t\t\n<style>\n#gap-1596667873 {\n  padding-top: 7px;\n}\n<\/style>\n\t<\/div>\n\t\n\t<div id=\"text-764343250\" class=\"text\">\n\t\t\n<p>Les s\u00e9ries DS et DT de Crown vont bien au-del\u00e0 des attentes pour les gerbeurs \u00e0 double palettes en termes de productivit\u00e9, de contr\u00f4le, de durabilit\u00e9 et de polyvalence. Avec les camions \u00e0 double plancher, les avantages sont multipli\u00e9s. Vous pouvez r\u00e9duire vos frais d\u2019exp\u00e9dition et votre pr\u00e9cieux espace \u00e0 quai et au sol tout en augmentant la productivit\u00e9.<b><\/b><\/p>\n<p><b><\/b>Ces s\u00e9ries de gerbeurs \u00e0 double palettes sont propos\u00e9es en cinq configurations, avec des vitesses de d\u00e9placement\u00a0jusqu\u2019\u00e0\u00a0<span class=\"text-nowrap\">12,5 km\/h<\/span>.<\/p>\n<ul>\n<li><b>Deux mod\u00e8les sans plate-forme<\/b>\u00a0sont disponibles pour une utilisation exclusivement avec conducteur accompagn\u00e9 dans les applications de densit\u00e9 moyenne \u00e0 haute.<\/li>\n<li>La configuration \u00e0\u00a0<b>plate-forme rabattable<\/b>\u00a0avec\u00a0<b><a href=\"https:\/\/www.crown.com\/fr-fr\/chariots-elevateurs\/gerbeur-double-palettes-ds-dt.html#sideRestraints\">protections lat\u00e9rales QuickExit<\/a><\/b>\u00a0donne la possibilit\u00e9 de passer du mode conducteur port\u00e9 au mode conducteur accompagn\u00e9.<\/li>\n<\/ul>\n<ul>\n<li>La configuration \u00e0\u00a0<b>plate-forme fixe<\/b>\u00a0avec\u00a0<b>entr\u00e9e lat\u00e9rale<\/b>\u00a0et dosseret d\u2019appui est particuli\u00e8rement utile pour le transport comme pour la pr\u00e9paration.<\/li>\n<\/ul>\n<ul>\n<li>La\u00a0configuration \u00e0\u00a0<b>plate-forme fixe\u00a0<\/b>avec<b>\u00a0entr\u00e9e par l\u2019arri\u00e8re<\/b>\u00a0et compartiment cariste confortable repr\u00e9sente la solution id\u00e9ale pour les zones \u00e0 trafic dense ou les trajets longs.<\/li>\n<\/ul>\n\t\t\n<style>\n#text-764343250 {\n  text-align: left;\n}\n<\/style>\n\t<\/div>\n\t\n\t<div id=\"gap-1598791833\" class=\"gap-element clearfix\" style=\"display:block; height:auto;\">\n\t\t\n<style>\n#gap-1598791833 {\n  padding-top: 15px;\n}\n<\/style>\n\t<\/div>\n\t\n\t\t<\/div>\n\t\t\t\t\n<style>\n#col-307696975 > .col-inner {\n  padding: 0px 31px 0px 0px;\n}\n<\/style>\n\t<\/div>\n\n\t\n\n\t<div id=\"col-1701417825\" class=\"col medium-12 small-12 large-5 medium-col-first\"  >\n\t\t\t\t<div class=\"col-inner\"  >\n\t\t\t\n\t\t\t\n\n  <div class=\"banner has-hover\" id=\"banner-845013955\">\n          <div class=\"banner-inner fill\">\n        <div class=\"banner-bg fill\" >\n            <img width=\"570\" height=\"560\" src=\"https:\/\/padillacarretillaselevadoras.com\/wp-content\/uploads\/2021\/02\/apilador-doble-ds-dt-configuraciones-1.jpg\" class=\"bg attachment-large size-large\" alt=\"Apilador Doble Serie DS\/DT\" loading=\"lazy\" \/>                                    \n                    <\/div>\n\t\t\n        <div class=\"banner-layers container\">\n            <div class=\"fill banner-link\"><\/div>            \n   <div id=\"text-box-2126340662\" class=\"text-box banner-layer x50 md-x50 lg-x50 y50 md-y50 lg-y50 res-text\">\n                                <div class=\"text-box-content text dark\">\n              \n              <div class=\"text-inner text-center\">\n                  \n              <\/div>\n           <\/div>\n                            \n<style>\n#text-box-2126340662 {\n  width: 60%;\n}\n#text-box-2126340662 .text-box-content {\n  font-size: 100%;\n}\n@media (min-width:550px) {\n  #text-box-2126340662 {\n    width: 60%;\n  }\n}\n<\/style>\n    <\/div>\n \n        <\/div>\n      <\/div>\n\n            \n<style>\n#banner-845013955 {\n  padding-top: 99.99%;\n  background-color: rgb(39, 54, 71);\n}\n@media (min-width:550px) {\n  #banner-845013955 {\n    padding-top: 99%;\n  }\n}\n<\/style>\n  <\/div>\n\n\n\t\t<\/div>\n\t\t\t\t\n<style>\n#col-1701417825 > .col-inner {\n  margin: 0px 0px 24px 0px;\n}\n@media (min-width:550px) {\n  #col-1701417825 > .col-inner {\n    margin: 0px 0px 25px 0px;\n  }\n}\n<\/style>\n\t<\/div>\n\n\t\n<\/div>\n\t\t<\/div>\n\n\t\t\n<style>\n#section_1023983371 {\n  padding-top: 75px;\n  padding-bottom: 75px;\n}\n@media (min-width:850px) {\n  #section_1023983371 {\n    padding-top: 45px;\n    padding-bottom: 45px;\n  }\n}\n<\/style>\n\t<\/section>\n\t\n\n\t<section class=\"section\" id=\"section_1430814952\">\n\t\t<div class=\"section-bg fill\" >\n\t\t\t\t\t\t\t\t\t\n\t\t\t\n\n\t\t<\/div>\n\n\t\t\n\n\t\t<div class=\"section-content relative\">\n\t\t\t\n<div class=\"row row-collapse align-middle align-center\" style=\"max-width:1300px\" id=\"row-188961036\">\n\n\t<div id=\"col-182123626\" class=\"col medium-12 small-12 large-5 medium-col-first\"  >\n\t\t\t\t<div class=\"col-inner\"  >\n\t\t\t\n\t\t\t\n\n  <div class=\"banner has-hover\" id=\"banner-275427744\">\n          <div class=\"banner-inner fill\">\n        <div class=\"banner-bg fill\" >\n            <img width=\"570\" height=\"438\" src=\"https:\/\/padillacarretillaselevadoras.com\/wp-content\/uploads\/2021\/02\/apilador-doble-ds-aplicacion-minorista.jpg\" class=\"bg attachment-large size-large\" alt=\"Apilador Doble Serie DS\/DT\" loading=\"lazy\" \/>                                    \n                    <\/div>\n\t\t\n        <div class=\"banner-layers container\">\n            <div class=\"fill banner-link\"><\/div>            \n   <div id=\"text-box-1244453259\" class=\"text-box banner-layer x50 md-x50 lg-x50 y50 md-y50 lg-y50 res-text\">\n                                <div class=\"text-box-content text dark\">\n              \n              <div class=\"text-inner text-center\">\n                  \n              <\/div>\n           <\/div>\n                            \n<style>\n#text-box-1244453259 {\n  width: 60%;\n}\n#text-box-1244453259 .text-box-content {\n  font-size: 100%;\n}\n@media (min-width:550px) {\n  #text-box-1244453259 {\n    width: 60%;\n  }\n}\n<\/style>\n    <\/div>\n \n        <\/div>\n      <\/div>\n\n            \n<style>\n#banner-275427744 {\n  padding-top: 99.99%;\n  background-color: rgb(39, 54, 71);\n}\n@media (min-width:550px) {\n  #banner-275427744 {\n    padding-top: 99%;\n  }\n}\n<\/style>\n  <\/div>\n\n\n\t\t<\/div>\n\t\t\t\t\n<style>\n#col-182123626 > .col-inner {\n  margin: 0px 0px 24px 0px;\n}\n@media (min-width:550px) {\n  #col-182123626 > .col-inner {\n    margin: 0px 0px 25px 0px;\n  }\n}\n<\/style>\n\t<\/div>\n\n\t\n\n\t<div id=\"col-133240895\" class=\"col medium-10 small-12 large-7\"  >\n\t\t\t\t<div class=\"col-inner\"  >\n\t\t\t\n\t\t\t\n\t<div id=\"text-98146600\" class=\"text\">\n\t\t\n<h2><strong>Doubler la productivit\u00e9 dans la vente au d\u00e9tail<\/strong><\/h2>\n\t\t\n<style>\n#text-98146600 {\n  font-size: 1.25rem;\n  line-height: 1.25;\n  text-align: left;\n}\n<\/style>\n\t<\/div>\n\t\n<div class=\"is-divider divider clearfix\" style=\"margin-top:0px;margin-bottom:0px;max-width:218px;height:6px;background-color:rgb(255, 130, 0);\"><\/div>\n\t<div id=\"gap-106309810\" class=\"gap-element clearfix\" style=\"display:block; height:auto;\">\n\t\t\n<style>\n#gap-106309810 {\n  padding-top: 7px;\n}\n<\/style>\n\t<\/div>\n\t\n\t<div id=\"text-466828665\" class=\"text\">\n\t\t\n<div class=\"col-sm-6 vertical-align-middle\">\n<div class=\"container-inner\">\n<div class=\"richtext\">\n<div class=\"width-100 text-left\">\n<p>Le nouveau gerbeur double palettes DS \u00e0 conducteur accompagn\u00e9 vous aide \u00e0 ma\u00eetriser les d\u00e9fis associ\u00e9s \u00e0 la\u00a0<b>manutention des palettes<\/b>, au\u00a0<b>transport<\/b>, au\u00a0<b>r\u00e9approvisionnement des rayons<\/b>\u00a0et au\u00a0<b>d\u00e9chargement des camions \u00e0 deux planchers<\/b>\u00a0dans les espaces confin\u00e9s et les all\u00e9es \u00e9troites dans les environnements de vente au d\u00e9tail, d\u2019arri\u00e8re-boutique et de gros.<\/p>\n<p>Il offre une man\u0153uvrabilit\u00e9 et une ergonomie sup\u00e9rieures gr\u00e2ce \u00e0 ses dimensions compactes, son faible rayon de braquage, sa poign\u00e9e de commande X10 mont\u00e9e en position basse et des commutateurs de lev\u00e9e des fourches de chaque c\u00f4t\u00e9 du m\u00e2t. La s\u00e9rie DS offre \u00e9galement des niveaux de stabilit\u00e9, une capacit\u00e9 r\u00e9siduelle, une robustesse et une fiabilit\u00e9 hors pair.<\/p>\n<p>Le chargeur embarqu\u00e9 optionnel et la technologie lithium-ion apportent des avantages suppl\u00e9mentaires dans les locaux de vente au d\u00e9tail.<\/p>\n<\/div>\n<div class=\"clearfix\"><\/div>\n<\/div>\n<\/div>\n<\/div>\n<div class=\"col-sm-6 vertical-align-middle\">\n<div class=\"container-inner\">\n<div class=\"imagecomponent\">\n<div class=\"container-imagetext-blackclearfix\"><picture><source srcset=\"\/content\/dam\/crown\/images\/es-es\/carretillas-elevadoras\/apilador\/apilador-doble-ds-aplicacion-minorista.jpg.transform\/mobile-image\/img.jpg\" media=\"(max-width: 768px)\" \/><source srcset=\"\/content\/dam\/crown\/images\/es-es\/carretillas-elevadoras\/apilador\/apilador-doble-ds-aplicacion-minorista.jpg.transform\/tablet-image\/img.jpg\" media=\"(max-width: 992px)\" \/><\/picture><\/div>\n<\/div>\n<\/div>\n<\/div>\n\t\t\n<style>\n#text-466828665 {\n  text-align: left;\n}\n<\/style>\n\t<\/div>\n\t\n\t<div id=\"gap-849625733\" class=\"gap-element clearfix\" style=\"display:block; height:auto;\">\n\t\t\n<style>\n#gap-849625733 {\n  padding-top: 15px;\n}\n<\/style>\n\t<\/div>\n\t\n\t\t<\/div>\n\t\t\t\t\n<style>\n#col-133240895 > .col-inner {\n  padding: 0px 0px 0px 31px;\n}\n<\/style>\n\t<\/div>\n\n\t\n<\/div>\n\t\t<\/div>\n\n\t\t\n<style>\n#section_1430814952 {\n  padding-top: 0px;\n  padding-bottom: 0px;\n}\n@media (min-width:550px) {\n  #section_1430814952 {\n    padding-top: 75px;\n    padding-bottom: 75px;\n  }\n}\n@media (min-width:850px) {\n  #section_1430814952 {\n    padding-top: 45px;\n    padding-bottom: 45px;\n  }\n}\n<\/style>\n\t<\/section>\n\t\n\n\t<section class=\"section dark\" id=\"section_635120015\">\n\t\t<div class=\"section-bg fill\" >\n\t\t\t\t\t\t\t\t\t\n\t\t\t\n\n\t\t<\/div>\n\n\t\t\n\n\t\t<div class=\"section-content relative\">\n\t\t\t\n<div class=\"row row-large align-middle align-center\" style=\"max-width:1300px\" id=\"row-1751235654\">\n\n\t<div id=\"col-739155742\" class=\"col medium-10 small-12 large-5 small-col-first\"  >\n\t\t\t\t<div class=\"col-inner\"  >\n\t\t\t\n\t\t\t\n\t<div id=\"text-946123849\" class=\"text\">\n\t\t\n<h2><strong>En faire plus<\/strong><\/h2>\n\t\t\n<style>\n#text-946123849 {\n  font-size: 1.25rem;\n  line-height: 1.25;\n  text-align: left;\n}\n<\/style>\n\t<\/div>\n\t\n<div class=\"is-divider divider clearfix\" style=\"margin-top:0px;margin-bottom:0px;max-width:218px;height:6px;background-color:rgb(255, 130, 0);\"><\/div>\n\t<div id=\"gap-1227600255\" class=\"gap-element clearfix\" style=\"display:block; height:auto;\">\n\t\t\n<style>\n#gap-1227600255 {\n  padding-top: 7px;\n}\n<\/style>\n\t<\/div>\n\t\n\t<div id=\"text-3678938584\" class=\"text\">\n\t\t\n<div class=\"col-sm-6 vertical-align-middle\">\n<div class=\"container-inner\">\n<div class=\"richtext\">\n<div class=\"width-100 text-left\">\n<p>C\u2019est un\u00a0<span class=\"text-nowrap\">fait :<\/span>\u00a0les caristes qui travaillent dans le confort et avec assurance sont plus productifs que les autres. C\u2019est ce qui motive l\u2019engagement de Crown en mati\u00e8re de conception et d\u2019ergonomie des chariots \u00e9l\u00e9vateurs.<\/p>\n<p>La\u00a0<b>suspension brevet\u00e9e<\/b>\u00a0de Crown r\u00e9duit significativement les chocs pour le ch\u00e2ssis, la plate-forme et les autres composants du gerbeur. Enfin, le\u00a0<b>syst\u00e8me hydraulique<\/b>\u00a0r\u00e9agit imm\u00e9diatement et proportionnellement aux commandes du cariste, pour le positionnement rapide et pr\u00e9cis des fourches et des charges.<\/p>\n<p>Prenez par exemple la\u00a0<b>plate-forme brevet\u00e9e FlexRide relevable et ajustable<\/b>. Elle offre un confort in\u00e9gal\u00e9 au cariste en ajustant la suspension en fonction du poids corporel du cariste.\u00a0<b>L\u2019interrupteur de s\u00e9curit\u00e9 de la barre d\u2019entr\u00e9e<\/b>\u00a0sur les mod\u00e8les \u00e0 plate-forme fixe offre une protection suppl\u00e9mentaire au cariste.<\/p>\n<\/div>\n<\/div>\n<\/div>\n<\/div>\n<div class=\"col-sm-6 vertical-align-middle\">\n<div class=\"container-inner\">\n<div class=\"imagecomponent\">\n<div class=\"container-imagetext-blackclearfix\"><picture><source srcset=\"\/content\/dam\/crown\/images\/es-es\/carretillas-elevadoras\/apilador\/apilador-doble-dt-suspension-flexride.jpg.transform\/mobile-image\/img.jpg\" media=\"(max-width: 768px)\" \/><source srcset=\"\/content\/dam\/crown\/images\/es-es\/carretillas-elevadoras\/apilador\/apilador-doble-dt-suspension-flexride.jpg.transform\/tablet-image\/img.jpg\" media=\"(max-width: 992px)\" \/><\/picture><\/div>\n<\/div>\n<\/div>\n<\/div>\n\t\t\n<style>\n#text-3678938584 {\n  text-align: left;\n}\n<\/style>\n\t<\/div>\n\t\n\t\t<\/div>\n\t\t\t\t\n<style>\n#col-739155742 > .col-inner {\n  padding: 16px 0px 10px 0px;\n}\n@media (min-width:550px) {\n  #col-739155742 > .col-inner {\n    padding: 39px 0px 10px 0px;\n  }\n}\n<\/style>\n\t<\/div>\n\n\t\n\n\t<div id=\"col-1713477841\" class=\"col medium-12 small-12 large-6 medium-col-first\"  >\n\t\t\t\t<div class=\"col-inner\"  >\n\t\t\t\n\t\t\t\n\n  <div class=\"banner has-hover\" id=\"banner-397962500\">\n          <div class=\"banner-inner fill\">\n        <div class=\"banner-bg fill\" >\n            <img width=\"570\" height=\"450\" src=\"https:\/\/padillacarretillaselevadoras.com\/wp-content\/uploads\/2021\/02\/apilador-doble-dt-suspension-flexride.jpg\" class=\"bg attachment-large size-large\" alt=\"Apilador Doble Serie DS\/DT\" loading=\"lazy\" \/>                                    \n                    <\/div>\n\t\t\n        <div class=\"banner-layers container\">\n            <div class=\"fill banner-link\"><\/div>            \n   <div id=\"text-box-1209509457\" class=\"text-box banner-layer x50 md-x50 lg-x50 y50 md-y50 lg-y50 res-text\">\n                                <div class=\"text-box-content text dark\">\n              \n              <div class=\"text-inner text-center\">\n                  \n              <\/div>\n           <\/div>\n                            \n<style>\n#text-box-1209509457 {\n  width: 60%;\n}\n#text-box-1209509457 .text-box-content {\n  font-size: 100%;\n}\n@media (min-width:550px) {\n  #text-box-1209509457 {\n    width: 60%;\n  }\n}\n<\/style>\n    <\/div>\n \n        <\/div>\n      <\/div>\n\n            \n<style>\n#banner-397962500 {\n  padding-top: 300px;\n  background-color: rgba(255, 255, 255, 0);\n}\n@media (min-width:550px) {\n  #banner-397962500 {\n    padding-top: 97%;\n  }\n}\n<\/style>\n  <\/div>\n\n\n\t\t<\/div>\n\t\t\t\t\t<\/div>\n\n\t\n\n<style>\n#row-1751235654 > .col > .col-inner {\n  background-color: rgb(51, 51, 51);\n}\n<\/style>\n<\/div>\n\t\t<\/div>\n\n\t\t\n<style>\n#section_635120015 {\n  padding-top: 13px;\n  padding-bottom: 13px;\n  background-color: rgb(51, 51, 51);\n}\n@media (min-width:550px) {\n  #section_635120015 {\n    padding-top: 75px;\n    padding-bottom: 75px;\n  }\n}\n@media (min-width:850px) {\n  #section_635120015 {\n    padding-top: 0px;\n    padding-bottom: 0px;\n  }\n}\n<\/style>\n\t<\/section>\n\t\n\n\t<section class=\"section\" id=\"section_2065076148\">\n\t\t<div class=\"section-bg fill\" >\n\t\t\t\t\t\t\t\t\t\n\t\t\t\n\n\t\t<\/div>\n\n\t\t\n\n\t\t<div class=\"section-content relative\">\n\t\t\t\n<div class=\"row row-large align-middle align-center\" style=\"max-width:1300px\" id=\"row-295935830\">\n\n\t<div id=\"col-753125061\" class=\"col medium-10 small-12 large-6 small-col-first\"  >\n\t\t\t\t<div class=\"col-inner\"  >\n\t\t\t\n\t\t\t\n\t<div id=\"text-2106729480\" class=\"text\">\n\t\t\n<h2><strong>Les gerbeurs double palettes de Crown donnent des r\u00e9sultats garantis<\/strong><\/h2>\n\t\t\n<style>\n#text-2106729480 {\n  font-size: 1.25rem;\n  line-height: 1.25;\n  text-align: left;\n}\n<\/style>\n\t<\/div>\n\t\n<div class=\"is-divider divider clearfix\" style=\"margin-top:0px;margin-bottom:0px;max-width:218px;height:6px;background-color:rgb(255, 130, 0);\"><\/div>\n\t<div id=\"gap-2073398\" class=\"gap-element clearfix\" style=\"display:block; height:auto;\">\n\t\t\n<style>\n#gap-2073398 {\n  padding-top: 7px;\n}\n<\/style>\n\t<\/div>\n\t\n\t<div id=\"text-2981859472\" class=\"text\">\n\t\t\n<p>Les s\u00e9ries de gerbeurs double palettes de Crown sont con\u00e7ues pour \u00eatre performantes pour que les caristes puissent \u00eatre aussi productifs que possible tout au long de leur poste de travail.<\/p>\n<p>Le\u00a0<b>syst\u00e8me Active Traction<\/b>\u00a0de Crown, install\u00e9 de s\u00e9rie sur les mod\u00e8les avec\u00a0<b>direction \u00e9lectronique,<\/b>\u00a0module continuellement la pression sur l\u2019entra\u00eenement des bandages en fonction de la vitesse, de l\u2019angle de braquage, de la hauteur des fourches, de la distribution de la charge, de l\u2019acc\u00e9l\u00e9ration et du freinage afin d\u2019augmenter la traction, la maniabilit\u00e9 et la sensibilit\u00e9. Une\u00a0<b>fonction intelligente et tactile de r\u00e9troaction\u00a0<\/b>modifie la force de braquage en fonction des conditions ambiantes.<\/p>\n\t\t\n<style>\n#text-2981859472 {\n  text-align: left;\n}\n<\/style>\n\t<\/div>\n\t\n\t\t<\/div>\n\t\t\t\t\n<style>\n#col-753125061 > .col-inner {\n  padding: 40px 0px 0px 0px;\n}\n<\/style>\n\t<\/div>\n\n\t\n\n\t<div id=\"col-613629730\" class=\"col medium-12 small-12 large-6 medium-col-first\"  >\n\t\t\t\t<div class=\"col-inner\"  >\n\t\t\t\n\t\t\t\n\n  <div class=\"banner has-hover\" id=\"banner-999640846\">\n          <div class=\"banner-inner fill\">\n        <div class=\"banner-bg fill\" >\n            <img width=\"567\" height=\"357\" src=\"https:\/\/padillacarretillaselevadoras.com\/wp-content\/uploads\/2021\/02\/apilador-doble-dt-traccion-activa.jpg\" class=\"bg attachment-large size-large\" alt=\"\" loading=\"lazy\" \/>                                    \n                    <\/div>\n\t\t\n        <div class=\"banner-layers container\">\n            <div class=\"fill banner-link\"><\/div>            \n   <div id=\"text-box-1202168941\" class=\"text-box banner-layer x50 md-x50 lg-x50 y50 md-y50 lg-y50 res-text\">\n                                <div class=\"text-box-content text dark\">\n              \n              <div class=\"text-inner text-center\">\n                  \n              <\/div>\n           <\/div>\n                            \n<style>\n#text-box-1202168941 {\n  width: 60%;\n}\n#text-box-1202168941 .text-box-content {\n  font-size: 100%;\n}\n@media (min-width:550px) {\n  #text-box-1202168941 {\n    width: 60%;\n  }\n}\n<\/style>\n    <\/div>\n \n        <\/div>\n      <\/div>\n\n            \n<style>\n#banner-999640846 {\n  padding-top: 300px;\n  background-color: rgba(255, 255, 255, 0);\n}\n@media (min-width:550px) {\n  #banner-999640846 {\n    padding-top: 71%;\n  }\n}\n<\/style>\n  <\/div>\n\n\n\t\t<\/div>\n\t\t\t\t\t<\/div>\n\n\t\n<\/div>\n\t\t<\/div>\n\n\t\t\n<style>\n#section_2065076148 {\n  padding-top: 20px;\n  padding-bottom: 20px;\n}\n@media (min-width:550px) {\n  #section_2065076148 {\n    padding-top: 75px;\n    padding-bottom: 75px;\n  }\n}\n@media (min-width:850px) {\n  #section_2065076148 {\n    padding-top: 22px;\n    padding-bottom: 22px;\n  }\n}\n<\/style>\n\t<\/section>\n\t\n\n\t<section class=\"section\" id=\"section_2008809404\">\n\t\t<div class=\"section-bg fill\" >\n\t\t\t\t\t\t\t\t\t\n\t\t\t\n\n\t\t<\/div>\n\n\t\t\n\n\t\t<div class=\"section-content relative\">\n\t\t\t\n<div class=\"row row-large align-middle align-center\" style=\"max-width:1300px\" id=\"row-1846202155\">\n\n\t<div id=\"col-483024055\" class=\"col medium-12 small-12 large-5 medium-col-first\"  >\n\t\t\t\t<div class=\"col-inner\"  >\n\t\t\t\n\t\t\t\n\n  <div class=\"banner has-hover\" id=\"banner-639049206\">\n          <div class=\"banner-inner fill\">\n        <div class=\"banner-bg fill\" >\n            <img width=\"570\" height=\"490\" src=\"https:\/\/padillacarretillaselevadoras.com\/wp-content\/uploads\/2021\/02\/apilador-doble-dt-componentes-internos.jpg\" class=\"bg attachment-large size-large\" alt=\"\" loading=\"lazy\" \/>                                    \n                    <\/div>\n\t\t\n        <div class=\"banner-layers container\">\n            <div class=\"fill banner-link\"><\/div>            \n   <div id=\"text-box-541024780\" class=\"text-box banner-layer x50 md-x50 lg-x50 y50 md-y50 lg-y50 res-text\">\n                                <div class=\"text-box-content text dark\">\n              \n              <div class=\"text-inner text-center\">\n                  \n              <\/div>\n           <\/div>\n                            \n<style>\n#text-box-541024780 {\n  width: 60%;\n}\n#text-box-541024780 .text-box-content {\n  font-size: 100%;\n}\n@media (min-width:550px) {\n  #text-box-541024780 {\n    width: 60%;\n  }\n}\n<\/style>\n    <\/div>\n \n        <\/div>\n      <\/div>\n\n            \n<style>\n#banner-639049206 {\n  padding-top: 300px;\n  background-color: rgba(255, 255, 255, 0);\n}\n@media (min-width:550px) {\n  #banner-639049206 {\n    padding-top: 82%;\n  }\n}\n<\/style>\n  <\/div>\n\n\n\t\t<\/div>\n\t\t\t\t\t<\/div>\n\n\t\n\n\t<div id=\"col-238999939\" class=\"col medium-10 small-12 large-7 small-col-first\"  >\n\t\t\t\t<div class=\"col-inner\"  >\n\t\t\t\n\t\t\t\n\t<div id=\"text-1701453623\" class=\"text\">\n\t\t\n<h2><strong>Une valeur durable<\/strong><\/h2>\n\t\t\n<style>\n#text-1701453623 {\n  font-size: 1.25rem;\n  line-height: 1.25;\n  text-align: left;\n}\n<\/style>\n\t<\/div>\n\t\n<div class=\"is-divider divider clearfix\" style=\"margin-top:0px;margin-bottom:0px;max-width:218px;height:6px;background-color:rgb(255, 130, 0);\"><\/div>\n\t<div id=\"gap-2120843061\" class=\"gap-element clearfix\" style=\"display:block; height:auto;\">\n\t\t\n<style>\n#gap-2120843061 {\n  padding-top: 7px;\n}\n<\/style>\n\t<\/div>\n\t\n\t<div id=\"text-901806662\" class=\"text\">\n\t\t\n<div class=\"col-sm-6 vertical-align-middle\">\n<div class=\"container-inner\">\n<div class=\"richtext\">\n<div class=\" width-100 text-left\">\n<div class=\"col-sm-6 vertical-align-middle\">\n<div class=\"container-inner\">\n<div class=\"richtext\">\n<div class=\"width-100 text-left\">\n<p>Les s\u00e9ries de gerbeurs double palettes de Crown sont construites pour r\u00e9sister aux d\u00e9fis continuels des environnements d\u2019entrep\u00f4t, pour offrir la fiabilit\u00e9 et la disponibilit\u00e9 sur lesquelles vous comptez.<\/p>\n<p>Un\u00a0<b>m\u00e2t robuste<\/b>\u00a0avec profil\u00e9s gigognes en I, un\u00a0<b>ch\u00e2ssis renforc\u00e9<\/b>\u00a0en acier moul\u00e9, une jupe de protection de 1<span class=\"text-nowrap\">0 m<\/span>m d\u2019\u00e9paisseur, une carrosserie enveloppante de 5 mm d\u2019\u00e9paisseur, une\u00a0<b>poign\u00e9e en fonte d\u2019aluminium<\/b>\u00a0et\u00a0<b>les protections lat\u00e9rales les plus robustes du march\u00e9<\/b>\u00a0\u2013 autant de points qui garantissent une grande long\u00e9vit\u00e9 dans les environnements les plus agressifs.<\/p>\n<p>Le\u00a0<b>bloc transmission suspendu<\/b>\u00a0dot\u00e9 de galets stabilisateurs robustes fait une diff\u00e9rence cruciale pour la durabilit\u00e9 et le contr\u00f4le de la traction.<\/p>\n<\/div>\n<\/div>\n<\/div>\n<\/div>\n<div class=\"col-sm-6 vertical-align-middle\">\n<div class=\"container-inner\">\n<div class=\"imagecomponent\">\n<div class=\"container-imagetext-blackclearfix\"><picture><source srcset=\"\/content\/dam\/crown\/images\/es-es\/carretillas-elevadoras\/apilador\/apilador-doble-dt-componentes-internos.jpg.transform\/mobile-image\/img.jpg\" media=\"(max-width: 768px)\" \/><source srcset=\"\/content\/dam\/crown\/images\/es-es\/carretillas-elevadoras\/apilador\/apilador-doble-dt-componentes-internos.jpg.transform\/tablet-image\/img.jpg\" media=\"(max-width: 992px)\" \/><\/picture><\/div>\n<\/div>\n<\/div>\n<\/div>\n<\/div>\n<\/div>\n<\/div>\n<\/div>\n<div class=\"col-sm-6 vertical-align-middle\">\n<div class=\"container-inner\">\n<div class=\"imagecomponent\">\n<div class=\"container-image text-black clearfix \"><picture><source srcset=\"\/content\/dam\/crown\/images\/es-es\/carretillas-elevadoras\/apilador\/apiladores-es-visibilidad-total.jpg.transform\/mobile-image\/img.jpg\" media=\"(max-width: 768px)\" \/><source srcset=\"\/content\/dam\/crown\/images\/es-es\/carretillas-elevadoras\/apilador\/apiladores-es-visibilidad-total.jpg.transform\/tablet-image\/img.jpg\" media=\"(max-width: 992px)\" \/><\/picture><\/div>\n<\/div>\n<\/div>\n<\/div>\n\t\t\n<style>\n#text-901806662 {\n  text-align: left;\n}\n<\/style>\n\t<\/div>\n\t\n\t\t<\/div>\n\t\t\t\t\n<style>\n#col-238999939 > .col-inner {\n  padding: 40px 0px 0px 0px;\n}\n<\/style>\n\t<\/div>\n\n\t\n<\/div>\n\t\t<\/div>\n\n\t\t\n<style>\n#section_2008809404 {\n  padding-top: 75px;\n  padding-bottom: 75px;\n  background-color: rgb(234, 234, 234);\n}\n@media (min-width:850px) {\n  #section_2008809404 {\n    padding-top: 22px;\n    padding-bottom: 22px;\n  }\n}\n<\/style>\n\t<\/section>\n\t\n\n\t<section class=\"section\" id=\"section_24760177\">\n\t\t<div class=\"section-bg fill\" >\n\t\t\t\t\t\t\t\t\t\n\t\t\t\n\n\t\t<\/div>\n\n\t\t\n\n\t\t<div class=\"section-content relative\">\n\t\t\t\n<span class=\"scroll-to\" data-label=\"Scroll to: #modelos\" data-bullet=\"true\" data-link=\"#modelos\" data-title=\"Caracter\u00edsticas\" ><a name=\"modelos\"><\/a><\/span>\n<div class=\"row row-large align-center\" style=\"max-width:1300px\" id=\"row-1495048817\">\n\n\t<div id=\"col-1986119992\" class=\"col medium-12 small-12 large-12 medium-col-first\"  >\n\t\t\t\t<div class=\"col-inner text-center\"  >\n\t\t\t\n\t\t\t\n\t<div id=\"text-2856548843\" class=\"text\">\n\t\t\n<h2 class=\"modelcomparison-title text-center\"><strong>Mod\u00e8les des s\u00e9ries DS et DT<\/strong><\/h2>\n\t\t\n<style>\n#text-2856548843 {\n  font-size: 1.25rem;\n  line-height: 1.25;\n  text-align: center;\n}\n<\/style>\n\t<\/div>\n\t\n<div class=\"is-divider divider clearfix\" style=\"margin-top:0px;margin-bottom:0px;max-width:218px;height:6px;background-color:rgb(255, 130, 0);\"><\/div>\n\t<div id=\"gap-132575137\" class=\"gap-element clearfix\" style=\"display:block; height:auto;\">\n\t\t\n<style>\n#gap-132575137 {\n  padding-top: 7px;\n}\n<\/style>\n\t<\/div>\n\t\n\t\t<\/div>\n\t\t\t\t\t<\/div>\n\n\t\n\n\t<div id=\"col-1271810659\" class=\"col medium-12 small-12 large-6 medium-col-first\"  >\n\t\t\t\t<div class=\"col-inner\"  >\n\t\t\t\n\t\t\t\n\t<div class=\"img has-hover x md-x lg-x y md-y lg-y\" id=\"image_600333137\">\n\t\t\t\t\t\t\t\t<div class=\"img-inner image-cover dark\" style=\"padding-top:94%;\">\n\t\t\t<img width=\"570\" height=\"455\" src=\"https:\/\/padillacarretillaselevadoras.com\/wp-content\/uploads\/2021\/02\/apilador-doble-ds3000.jpg\" class=\"attachment-large size-large\" alt=\"Apilador Doble Serie DS\/DT\" loading=\"lazy\" srcset=\"https:\/\/padillacarretillaselevadoras.com\/wp-content\/uploads\/2021\/02\/apilador-doble-ds3000.jpg 570w, https:\/\/padillacarretillaselevadoras.com\/wp-content\/uploads\/2021\/02\/apilador-doble-ds3000-300x239.jpg 300w, https:\/\/padillacarretillaselevadoras.com\/wp-content\/uploads\/2021\/02\/apilador-doble-ds3000-247x197.jpg 247w, https:\/\/padillacarretillaselevadoras.com\/wp-content\/uploads\/2021\/02\/apilador-doble-ds3000-510x407.jpg 510w\" sizes=\"(max-width: 570px) 100vw, 570px\" \/>\t\t\t\t\t\t\n\t\t\t\t\t<\/div>\n\t\t\t\t\t\t\t\t\n<style>\n#image_600333137 {\n  width: 100%;\n}\n<\/style>\n\t<\/div>\n\t\n\t<div id=\"text-4267471098\" class=\"text\">\n\t\t\n<h3><strong>Gerbeur double palettes \u00e0 conducteur accompagn\u00e9<\/strong><\/h3>\n\t\t\n<style>\n#text-4267471098 {\n  font-size: 1.25rem;\n  line-height: 1.25;\n  text-align: left;\n}\n<\/style>\n\t<\/div>\n\t\n<div class=\"is-divider divider clearfix\" style=\"margin-top:0px;margin-bottom:0px;max-width:218px;height:6px;background-color:rgb(255, 130, 0);\"><\/div>\n\t<div id=\"gap-1995451026\" class=\"gap-element clearfix\" style=\"display:block; height:auto;\">\n\t\t\n<style>\n#gap-1995451026 {\n  padding-top: 7px;\n}\n<\/style>\n\t<\/div>\n\t\n\t<div id=\"text-4026342271\" class=\"text\">\n\t\t\n<p>Les mod\u00e8les de gerbeurs double palettes DS et DT sont compacts, agiles et extr\u00eamement maniables, pour pouvoir facilement doubler les charges de palettes dans les espaces confin\u00e9s.<\/p>\n<ul class=\"modelSpecs hidden-xs\">\n<li class=\"true ? 'odd' : ''\">\n<p class=\"spec-title\">Capacit\u00e9 de charge 2000 kg<\/p>\n<\/li>\n<li class=\"false ? 'odd' : ''\">\n<p class=\"spec-title\">Hauteur de lev\u00e9e max. 2600 mm<\/p>\n<\/li>\n<li class=\"true ? 'odd' : ''\">\n<p class=\"spec-title\">Puissance 24 V \/ 250 &#8211; 375 Ah<\/p>\n<\/li>\n<li class=\"false ? 'odd' : ''\">\n<p class=\"spec-title\">Longueur 772 &#8211; 908 mm<\/p>\n<\/li>\n<li class=\"true ? 'odd' : ''\">\n<p class=\"spec-title\">Largeur hors tout 712 &#8211; 744 mm<\/p>\n<\/li>\n<li class=\"false ? 'odd' : ''\">\n<p class=\"spec-title\">Longueur des fourches 1150 &#8211; 1190 mm<\/p>\n<\/li>\n<\/ul>\n\t\t\n<style>\n#text-4026342271 {\n  font-size: 1rem;\n  text-align: left;\n}\n<\/style>\n\t<\/div>\n\t\n\t\t<\/div>\n\t\t\t\t\t<\/div>\n\n\t\n\n\t<div id=\"col-1511494173\" class=\"col medium-12 small-12 large-6 medium-col-first\"  >\n\t\t\t\t<div class=\"col-inner\"  >\n\t\t\t\n\t\t\t\n\t<div class=\"img has-hover x md-x lg-x y md-y lg-y\" id=\"image_1053161082\">\n\t\t\t\t\t\t\t\t<div class=\"img-inner image-cover dark\" style=\"padding-top:94%;\">\n\t\t\t<img width=\"570\" height=\"455\" src=\"https:\/\/padillacarretillaselevadoras.com\/wp-content\/uploads\/2021\/02\/apilador-doble-dt3000-plataforma-abatible.jpg\" class=\"attachment-large size-large\" alt=\"\" loading=\"lazy\" srcset=\"https:\/\/padillacarretillaselevadoras.com\/wp-content\/uploads\/2021\/02\/apilador-doble-dt3000-plataforma-abatible.jpg 570w, https:\/\/padillacarretillaselevadoras.com\/wp-content\/uploads\/2021\/02\/apilador-doble-dt3000-plataforma-abatible-300x239.jpg 300w, https:\/\/padillacarretillaselevadoras.com\/wp-content\/uploads\/2021\/02\/apilador-doble-dt3000-plataforma-abatible-247x197.jpg 247w, https:\/\/padillacarretillaselevadoras.com\/wp-content\/uploads\/2021\/02\/apilador-doble-dt3000-plataforma-abatible-510x407.jpg 510w\" sizes=\"(max-width: 570px) 100vw, 570px\" \/>\t\t\t\t\t\t\n\t\t\t\t\t<\/div>\n\t\t\t\t\t\t\t\t\n<style>\n#image_1053161082 {\n  width: 100%;\n}\n<\/style>\n\t<\/div>\n\t\n\t<div id=\"text-4052200686\" class=\"text\">\n\t\t\n<h3><strong>Gerbeur double palettes \u00e0 plate-forme rabattable<\/strong><\/h3>\n\t\t\n<style>\n#text-4052200686 {\n  font-size: 1.25rem;\n  line-height: 1.25;\n  text-align: left;\n}\n<\/style>\n\t<\/div>\n\t\n<div class=\"is-divider divider clearfix\" style=\"margin-top:0px;margin-bottom:0px;max-width:218px;height:6px;background-color:rgb(255, 130, 0);\"><\/div>\n\t<div id=\"gap-1208644319\" class=\"gap-element clearfix\" style=\"display:block; height:auto;\">\n\t\t\n<style>\n#gap-1208644319 {\n  padding-top: 7px;\n}\n<\/style>\n\t<\/div>\n\t\n\t<div id=\"text-199006606\" class=\"text\">\n\t\t\n<p>Le gerbeur double palettes DT est dot\u00e9 de la plate-forme rabattable FlexRide exclusive \u00e0 Crown qui permet aux caristes de choisir entre le mode port\u00e9 ou accompagnant.<\/p>\n<ul class=\"modelSpecs hidden-xs\">\n<li class=\"true ? 'odd' : ''\">\n<p class=\"spec-title\">Capacit\u00e9 de charge 2000 kg<\/p>\n<\/li>\n<li class=\"false ? 'odd' : ''\">\n<p class=\"spec-title\">Hauteur de lev\u00e9e max. 2600 mm<\/p>\n<\/li>\n<li class=\"true ? 'odd' : ''\">\n<p class=\"spec-title\">Puissance 24 V \/ 375 Ah<\/p>\n<\/li>\n<li class=\"false ? 'odd' : ''\">\n<p class=\"spec-title\">Longueur 978 &#8211; 1438 mm<\/p>\n<\/li>\n<li class=\"true ? 'odd' : ''\">\n<p class=\"spec-title\">Largeur hors tout 744 mm<\/p>\n<\/li>\n<li class=\"false ? 'odd' : ''\">\n<p class=\"spec-title\">Longueur des fourches 1150 mm<\/p>\n<\/li>\n<\/ul>\n\t\t\n<style>\n#text-199006606 {\n  font-size: 1rem;\n  text-align: left;\n}\n<\/style>\n\t<\/div>\n\t\n\t\t<\/div>\n\t\t\t\t\t<\/div>\n\n\t\n\n\t<div id=\"col-636742222\" class=\"col medium-12 small-12 large-6 medium-col-first\"  >\n\t\t\t\t<div class=\"col-inner\"  >\n\t\t\t\n\t\t\t\n\t<div class=\"img has-hover x md-x lg-x y md-y lg-y\" id=\"image_349522317\">\n\t\t\t\t\t\t\t\t<div class=\"img-inner image-cover dark\" style=\"padding-top:94%;\">\n\t\t\t<img width=\"570\" height=\"455\" src=\"https:\/\/padillacarretillaselevadoras.com\/wp-content\/uploads\/2021\/02\/apilador-doble-dt3000-plataforma-fija-acceso-lateral.jpg\" class=\"attachment-large size-large\" alt=\"\" loading=\"lazy\" srcset=\"https:\/\/padillacarretillaselevadoras.com\/wp-content\/uploads\/2021\/02\/apilador-doble-dt3000-plataforma-fija-acceso-lateral.jpg 570w, https:\/\/padillacarretillaselevadoras.com\/wp-content\/uploads\/2021\/02\/apilador-doble-dt3000-plataforma-fija-acceso-lateral-300x239.jpg 300w, https:\/\/padillacarretillaselevadoras.com\/wp-content\/uploads\/2021\/02\/apilador-doble-dt3000-plataforma-fija-acceso-lateral-247x197.jpg 247w, https:\/\/padillacarretillaselevadoras.com\/wp-content\/uploads\/2021\/02\/apilador-doble-dt3000-plataforma-fija-acceso-lateral-510x407.jpg 510w\" sizes=\"(max-width: 570px) 100vw, 570px\" \/>\t\t\t\t\t\t\n\t\t\t\t\t<\/div>\n\t\t\t\t\t\t\t\t\n<style>\n#image_349522317 {\n  width: 100%;\n}\n<\/style>\n\t<\/div>\n\t\n\t<div id=\"text-1109026095\" class=\"text\">\n\t\t\n<h3><strong>Gerbeur double palettes \u00e0 plate-forme fixe, acc\u00e8s lat\u00e9ral<\/strong><\/h3>\n\t\t\n<style>\n#text-1109026095 {\n  font-size: 1.25rem;\n  line-height: 1.25;\n  text-align: left;\n}\n<\/style>\n\t<\/div>\n\t\n<div class=\"is-divider divider clearfix\" style=\"margin-top:0px;margin-bottom:0px;max-width:218px;height:6px;background-color:rgb(255, 130, 0);\"><\/div>\n\t<div id=\"gap-752668190\" class=\"gap-element clearfix\" style=\"display:block; height:auto;\">\n\t\t\n<style>\n#gap-752668190 {\n  padding-top: 7px;\n}\n<\/style>\n\t<\/div>\n\t\n\t<div id=\"text-2228807991\" class=\"text\">\n\t\t\n<p>Le gerbeur double palettes DT avec plate-forme fixe et acc\u00e8s lat\u00e9ral est dot\u00e9 d\u2019un dossier qui renforce la protection et le confort du cariste et s\u2019av\u00e8re particuli\u00e8rement utile pour le transport et la pr\u00e9paration de commande.<\/p>\n<ul class=\"modelSpecs hidden-xs\">\n<li class=\"true ? 'odd' : ''\">\n<p class=\"spec-title\">Capacit\u00e9 de charge 2000 kg<\/p>\n<\/li>\n<li class=\"false ? 'odd' : ''\">\n<p class=\"spec-title\">Hauteur de lev\u00e9e max. 1670 mm<\/p>\n<\/li>\n<li class=\"true ? 'odd' : ''\">\n<p class=\"spec-title\">Puissance 24 V \/ 375 Ah<\/p>\n<\/li>\n<li class=\"false ? 'odd' : ''\">\n<p class=\"spec-title\">Longueur 1553 mm<\/p>\n<\/li>\n<li class=\"true ? 'odd' : ''\">\n<p class=\"spec-title\">Largeur hors tout 744 mm<\/p>\n<\/li>\n<li class=\"false ? 'odd' : ''\">\n<p class=\"spec-title\">Longueur des fourches 1150 mm<\/p>\n<\/li>\n<\/ul>\n\t\t\n<style>\n#text-2228807991 {\n  font-size: 1rem;\n  text-align: left;\n}\n<\/style>\n\t<\/div>\n\t\n\t\t<\/div>\n\t\t\t\t\t<\/div>\n\n\t\n\n\t<div id=\"col-2025143051\" class=\"col medium-12 small-12 large-6 medium-col-first\"  >\n\t\t\t\t<div class=\"col-inner\"  >\n\t\t\t\n\t\t\t\n\t<div class=\"img has-hover x md-x lg-x y md-y lg-y\" id=\"image_1250499006\">\n\t\t\t\t\t\t\t\t<div class=\"img-inner image-cover dark\" style=\"padding-top:94%;\">\n\t\t\t<img width=\"570\" height=\"455\" src=\"https:\/\/padillacarretillaselevadoras.com\/wp-content\/uploads\/2021\/02\/apilador-doble-dt3000-plataforma-fija-acceso-posterior.jpg\" class=\"attachment-large size-large\" alt=\"\" loading=\"lazy\" srcset=\"https:\/\/padillacarretillaselevadoras.com\/wp-content\/uploads\/2021\/02\/apilador-doble-dt3000-plataforma-fija-acceso-posterior.jpg 570w, https:\/\/padillacarretillaselevadoras.com\/wp-content\/uploads\/2021\/02\/apilador-doble-dt3000-plataforma-fija-acceso-posterior-300x239.jpg 300w, https:\/\/padillacarretillaselevadoras.com\/wp-content\/uploads\/2021\/02\/apilador-doble-dt3000-plataforma-fija-acceso-posterior-247x197.jpg 247w, https:\/\/padillacarretillaselevadoras.com\/wp-content\/uploads\/2021\/02\/apilador-doble-dt3000-plataforma-fija-acceso-posterior-510x407.jpg 510w\" sizes=\"(max-width: 570px) 100vw, 570px\" \/>\t\t\t\t\t\t\n\t\t\t\t\t<\/div>\n\t\t\t\t\t\t\t\t\n<style>\n#image_1250499006 {\n  width: 100%;\n}\n<\/style>\n\t<\/div>\n\t\n\t<div id=\"text-3004162694\" class=\"text\">\n\t\t\n<h3><strong>Gerbeur double palettes \u00e0 plate-forme fixe, acc\u00e8s arri\u00e8re<\/strong><\/h3>\n\t\t\n<style>\n#text-3004162694 {\n  font-size: 1.25rem;\n  line-height: 1.25;\n  text-align: left;\n}\n<\/style>\n\t<\/div>\n\t\n<div class=\"is-divider divider clearfix\" style=\"margin-top:0px;margin-bottom:0px;max-width:218px;height:6px;background-color:rgb(255, 130, 0);\"><\/div>\n\t<div id=\"gap-1035884289\" class=\"gap-element clearfix\" style=\"display:block; height:auto;\">\n\t\t\n<style>\n#gap-1035884289 {\n  padding-top: 7px;\n}\n<\/style>\n\t<\/div>\n\t\n\t<div id=\"text-222213308\" class=\"text\">\n\t\t\n<p>Le gerbeur double palettes DT \u00e0 plate-forme fixe \u00e0 acc\u00e8s arri\u00e8re est id\u00e9al pour les applications au trafic dense ou les trajets longs. L\u2019acc\u00e8s arri\u00e8re cr\u00e9e un compartiment cariste s\u00e9curis\u00e9 et confortable.<\/p>\n<ul class=\"modelSpecs hidden-xs\">\n<li class=\"true ? 'odd' : ''\">\n<p class=\"spec-title\">Capacit\u00e9 de charge 2000 kg<\/p>\n<\/li>\n<li class=\"false ? 'odd' : ''\">\n<p class=\"spec-title\">Hauteur de lev\u00e9e max. 1670 mm<\/p>\n<\/li>\n<li class=\"true ? 'odd' : ''\">\n<p class=\"spec-title\">Puissance 24 V \/ 375 Ah<\/p>\n<\/li>\n<li class=\"false ? 'odd' : ''\">\n<p class=\"spec-title\">Longueur 1472 mm<\/p>\n<\/li>\n<li class=\"true ? 'odd' : ''\">\n<p class=\"spec-title\">Largeur hors tout 744 mm<\/p>\n<\/li>\n<li class=\"false ? 'odd' : ''\">\n<p class=\"spec-title\">Longueur des fourches 1150 mm<\/p>\n<\/li>\n<\/ul>\n\t\t\n<style>\n#text-222213308 {\n  font-size: 1rem;\n  text-align: left;\n}\n<\/style>\n\t<\/div>\n\t\n\t\t<\/div>\n\t\t\t\t\t<\/div>\n\n\t\n<\/div>\n\t\t<\/div>\n\n\t\t\n<style>\n#section_24760177 {\n  padding-top: 75px;\n  padding-bottom: 75px;\n}\n@media (min-width:850px) {\n  #section_24760177 {\n    padding-top: 45px;\n    padding-bottom: 45px;\n  }\n}\n<\/style>\n\t<\/section>\n\t\n\n\t<section class=\"section\" id=\"section_1930456796\">\n\t\t<div class=\"section-bg fill\" >\n\t\t\t\t\t\t\t\t\t\n\t\t\t\n\n\t\t<\/div>\n\n\t\t\n\n\t\t<div class=\"section-content relative\">\n\t\t\t\n<span class=\"scroll-to\" data-label=\"Scroll to: #opcionesyaccesorios\" data-bullet=\"true\" data-link=\"#opcionesyaccesorios\" data-title=\"Caracter\u00edsticas\" ><a name=\"opcionesyaccesorios\"><\/a><\/span>\n<div class=\"row row-large align-middle align-center\" style=\"max-width:1300px\" id=\"row-599653137\">\n\n\t<div id=\"col-1613998204\" class=\"col medium-10 small-12 large-12\"  >\n\t\t\t\t<div class=\"col-inner\"  >\n\t\t\t\n\t\t\t\n\t<div id=\"text-3847539611\" class=\"text\">\n\t\t\n<h2><strong>Options et accessoires<\/strong><\/h2>\n\t\t\n<style>\n#text-3847539611 {\n  font-size: 1.25rem;\n  line-height: 1.25;\n  text-align: left;\n}\n<\/style>\n\t<\/div>\n\t\n<div class=\"is-divider divider clearfix\" style=\"margin-top:0px;margin-bottom:0px;max-width:218px;height:6px;background-color:rgb(255, 130, 0);\"><\/div>\n<div class=\"accordion\">\n\t<div id=\"accordion-1029619720\" class=\"accordion-item\">\n\t\t<a id=\"accordion-1029619720-label\" class=\"accordion-title plain\" href=\"#accordion-item-batteries-lithium-ion\" aria-expanded=\"false\" aria-controls=\"accordion-1029619720-content\" >\n\t\t\t<button class=\"toggle\" aria-label=\"Basculer\"><i class=\"icon-angle-down\"><\/i><\/button>\n\t\t\t<span>Batteries lithium-ion<\/span>\n\t\t<\/a>\n\t\t<div id=\"accordion-1029619720-content\" class=\"accordion-inner\" aria-labelledby=\"accordion-1029619720-label\" >\n\t\t\t\n<p>Les batteries lithium-ion offrent des temps de charge tr\u00e8s courts, supportent un nombre illimit\u00e9 de charges partielles et sont faciles \u00e0 g\u00e9rer puisqu\u2019elles ne n\u00e9cessitent pas de maintenance quotidienne ni de batteries de rechange ou de pi\u00e8ces particuli\u00e8res pour \u00eatre charg\u00e9es.<\/p>\n\t\t<\/div>\n\t<\/div>\n\t\n\t<div id=\"accordion-2901881245\" class=\"accordion-item\">\n\t\t<a id=\"accordion-2901881245-label\" class=\"accordion-title plain\" href=\"#accordion-item-interrupteurs-de-lev\u00e9e-des-fourches\" aria-expanded=\"false\" aria-controls=\"accordion-2901881245-content\" >\n\t\t\t<button class=\"toggle\" aria-label=\"Basculer\"><i class=\"icon-angle-down\"><\/i><\/button>\n\t\t\t<span>Interrupteurs de lev\u00e9e des fourches<\/span>\n\t\t<\/a>\n\t\t<div id=\"accordion-2901881245-content\" class=\"accordion-inner\" aria-labelledby=\"accordion-2901881245-label\" >\n\t\t\t\n<p>Les interrupteurs de lev\u00e9e des fourches de chaque c\u00f4t\u00e9 du m\u00e2t permettent aux caristes de soulever facilement les charges tout en restant debout \u00e0 c\u00f4t\u00e9 de la palette (disponibles uniquement pour les gerbeurs DS).<\/p>\n\t\t<\/div>\n\t<\/div>\n\t\n\t<div id=\"accordion-3509600284\" class=\"accordion-item\">\n\t\t<a id=\"accordion-3509600284-label\" class=\"accordion-title plain\" href=\"#accordion-item-galets-doubles-robustes\" aria-expanded=\"false\" aria-controls=\"accordion-3509600284-content\" >\n\t\t\t<button class=\"toggle\" aria-label=\"Basculer\"><i class=\"icon-angle-down\"><\/i><\/button>\n\t\t\t<span>Galets doubles robustes<\/span>\n\t\t<\/a>\n\t\t<div id=\"accordion-3509600284-content\" class=\"accordion-inner\" aria-labelledby=\"accordion-3509600284-label\" >\n\t\t\t\n<p>Les galets doubles robustes sont fiables dans les situations les plus agressives, y compris sur les sols irr\u00e9guliers, pendant les trajets longs et en cas de chaleur extr\u00eame. (disponibles uniquement pour les gerbeurs DT)<\/p>\n\t\t<\/div>\n\t<\/div>\n\t\n\t<div id=\"accordion-772401378\" class=\"accordion-item\">\n\t\t<a id=\"accordion-772401378-label\" class=\"accordion-title plain\" href=\"#accordion-item-conditionnement-pour-chambre-frigorifique\" aria-expanded=\"false\" aria-controls=\"accordion-772401378-content\" >\n\t\t\t<button class=\"toggle\" aria-label=\"Basculer\"><i class=\"icon-angle-down\"><\/i><\/button>\n\t\t\t<span>Conditionnement pour chambre frigorifique<\/span>\n\t\t<\/a>\n\t\t<div id=\"accordion-772401378-content\" class=\"accordion-inner\" aria-labelledby=\"accordion-772401378-label\" >\n\t\t\t\n<p>Le conditionnement pour chambre frigorifique permet au gerbeur double palettes DT de maintenir sa performance dans les chambres frigorifiques.<\/p>\n\t\t<\/div>\n\t<\/div>\n\t\n\t<div id=\"accordion-3592807449\" class=\"accordion-item\">\n\t\t<a id=\"accordion-3592807449-label\" class=\"accordion-title plain\" href=\"#accordion-item-dosseret-de-charge\" aria-expanded=\"false\" aria-controls=\"accordion-3592807449-content\" >\n\t\t\t<button class=\"toggle\" aria-label=\"Basculer\"><i class=\"icon-angle-down\"><\/i><\/button>\n\t\t\t<span>Dosseret de charge<\/span>\n\t\t<\/a>\n\t\t<div id=\"accordion-3592807449-content\" class=\"accordion-inner\" aria-labelledby=\"accordion-3592807449-label\" >\n\t\t\t\n<p>Le dosseret de charge en acier stabilise les charges et \u00e9vite le mouvement des palettes.<\/p>\n\t\t<\/div>\n\t<\/div>\n\t\n\t<div id=\"accordion-3828349950\" class=\"accordion-item\">\n\t\t<a id=\"accordion-3828349950-label\" class=\"accordion-title plain\" href=\"#accordion-item-commandes-doubles-de-lev\u00e9e-initiale\" aria-expanded=\"false\" aria-controls=\"accordion-3828349950-content\" >\n\t\t\t<button class=\"toggle\" aria-label=\"Basculer\"><i class=\"icon-angle-down\"><\/i><\/button>\n\t\t\t<span>Commandes doubles de lev\u00e9e initiale<\/span>\n\t\t<\/a>\n\t\t<div id=\"accordion-3828349950-content\" class=\"accordion-inner\" aria-labelledby=\"accordion-3828349950-label\" >\n\t\t\t\n<p>Ces commandes doubles de lev\u00e9e initiale permettent au cariste de contr\u00f4ler la position des longerons de la main droite ou gauche.<\/p>\n\t\t<\/div>\n\t<\/div>\n\t\n<\/div>\n\t<div id=\"gap-366840540\" class=\"gap-element clearfix\" style=\"display:block; height:auto;\">\n\t\t\n<style>\n#gap-366840540 {\n  padding-top: 7px;\n}\n<\/style>\n\t<\/div>\n\t\n\t<div id=\"gap-1516822702\" class=\"gap-element clearfix\" style=\"display:block; height:auto;\">\n\t\t\n<style>\n#gap-1516822702 {\n  padding-top: 15px;\n}\n<\/style>\n\t<\/div>\n\t\n\t\t<\/div>\n\t\t\t\t\n<style>\n#col-1613998204 > .col-inner {\n  padding: 0px 0px 0px 34px;\n}\n<\/style>\n\t<\/div>\n\n\t\n\n\t<div id=\"col-811715282\" class=\"col small-12 large-12\"  >\n\t\t\t\t<div class=\"col-inner\"  >\n\t\t\t\n\t\t\t\n  <style>\n    #gallery-1854186590 .grid-col-1{height: 550px}\n    #gallery-1854186590 .grid-col-1-2{height: 275px}\n    #gallery-1854186590 .grid-col-1-3{height:183.33333333333px}\n    #gallery-1854186590 .grid-col-2-3{height: 366.66666666667px}\n    #gallery-1854186590 .grid-col-1-4{height: 137.5px}\n    #gallery-1854186590 .grid-col-3-4{height: 412.5px}\n\n\n        \/* Tablet *\/\n    @media (max-width: 850px){\n      #gallery-1854186590 .grid-col-1{height: 366.66666666667px}\n      #gallery-1854186590 .grid-col-1-2{height: 183.33333333333px}\n      #gallery-1854186590 .grid-col-1-3{height:122.22222222222px}\n      #gallery-1854186590 .grid-col-2-3{height: 244.44444444444px}\n      #gallery-1854186590 .grid-col-1-4{height: 91.666666666667px}\n      #gallery-1854186590 .grid-col-3-4{height: 275px}\n    }\n    \n        \/* Mobile *\/\n    @media (max-width: 550px){\n      #gallery-1854186590 .grid-col-1{height: 366.66666666667px}\n      #gallery-1854186590 .grid-col-1-2{height: 183.33333333333px}\n      #gallery-1854186590 .grid-col-1-3{height:122.22222222222px}\n      #gallery-1854186590 .grid-col-2-3{height: 244.44444444444px}\n      #gallery-1854186590 .grid-col-1-4{height: 91.666666666667px}\n      #gallery-1854186590 .grid-col-3-4{height: 275px}\n    }\n    \n\n  <\/style>\n  \n  \n    <div id=\"gallery-1854186590\" class=\"row row-xsmall row-grid\" data-packery-options='{\"itemSelector\": \".col\", \"gutter\": 0, \"presentageWidth\" : true}'>\n\n  <div class=\"gallery-col col grid-col grid-col-1 large-6 medium-12\" >\n          <div class=\"col-inner\">\n            <a class=\"image-lightbox lightbox-gallery\" href=\"https:\/\/padillacarretillaselevadoras.com\/wp-content\/uploads\/2021\/02\/apiladores-es-et-oa-bateria-de-iones-de-litio.jpg\" title=\"\">            <div class=\"box has-hover gallery-box box-overlay dark box-text-center\">\n              <div class=\"box-image image-zoom\" >\n                <img width=\"555\" height=\"396\" src=\"https:\/\/padillacarretillaselevadoras.com\/wp-content\/uploads\/2021\/02\/apiladores-es-et-oa-bateria-de-iones-de-litio.jpg\" class=\"attachment-large size-large\" alt=\"Apilador Serie ES CROWN\" loading=\"lazy\" ids=\"11433,11384,11383,11429,11382,11185,11391\" style=\"none\" lightbox_image_size=\"original\" type=\"grid\" grid=\"10\" grid_height=\"550\" col_spacing=\"xsmall\" image_size=\"original\" image_hover=\"zoom\" srcset=\"https:\/\/padillacarretillaselevadoras.com\/wp-content\/uploads\/2021\/02\/apiladores-es-et-oa-bateria-de-iones-de-litio.jpg 555w, https:\/\/padillacarretillaselevadoras.com\/wp-content\/uploads\/2021\/02\/apiladores-es-et-oa-bateria-de-iones-de-litio-300x214.jpg 300w, https:\/\/padillacarretillaselevadoras.com\/wp-content\/uploads\/2021\/02\/apiladores-es-et-oa-bateria-de-iones-de-litio-247x176.jpg 247w, https:\/\/padillacarretillaselevadoras.com\/wp-content\/uploads\/2021\/02\/apiladores-es-et-oa-bateria-de-iones-de-litio-510x364.jpg 510w\" sizes=\"(max-width: 555px) 100vw, 555px\" \/>                                  <div class=\"overlay fill\"\n                      style=\"background-color: rgba(0,0,0,.15)\">\n                  <\/div>\n                                                              <\/div>\n              <div class=\"box-text text-left dark\" >\n                 <p><\/p>\n              <\/div>\n            <\/div>\n            <\/a>          <\/div>\n         <\/div><div class=\"gallery-col col grid-col grid-col-1-3 large-6 medium-6\" >\n          <div class=\"col-inner\">\n            <a class=\"image-lightbox lightbox-gallery\" href=\"https:\/\/padillacarretillaselevadoras.com\/wp-content\/uploads\/2021\/02\/apilador-doble-ds-oa-botones-elevacion.jpg\" title=\"\">            <div class=\"box has-hover gallery-box box-overlay dark box-text-center\">\n              <div class=\"box-image image-zoom\" >\n                <img width=\"300\" height=\"214\" src=\"https:\/\/padillacarretillaselevadoras.com\/wp-content\/uploads\/2021\/02\/apilador-doble-ds-oa-botones-elevacion-300x214.jpg\" class=\"attachment-medium size-medium\" alt=\"Apilador Doble Serie DS\/DT\" loading=\"lazy\" ids=\"11433,11384,11383,11429,11382,11185,11391\" style=\"none\" lightbox_image_size=\"original\" type=\"grid\" grid=\"10\" grid_height=\"550\" col_spacing=\"xsmall\" image_size=\"original\" image_hover=\"zoom\" srcset=\"https:\/\/padillacarretillaselevadoras.com\/wp-content\/uploads\/2021\/02\/apilador-doble-ds-oa-botones-elevacion-300x214.jpg 300w, https:\/\/padillacarretillaselevadoras.com\/wp-content\/uploads\/2021\/02\/apilador-doble-ds-oa-botones-elevacion-247x176.jpg 247w, https:\/\/padillacarretillaselevadoras.com\/wp-content\/uploads\/2021\/02\/apilador-doble-ds-oa-botones-elevacion-510x364.jpg 510w, https:\/\/padillacarretillaselevadoras.com\/wp-content\/uploads\/2021\/02\/apilador-doble-ds-oa-botones-elevacion.jpg 555w\" sizes=\"(max-width: 300px) 100vw, 300px\" \/>                                  <div class=\"overlay fill\"\n                      style=\"background-color: rgba(0,0,0,.15)\">\n                  <\/div>\n                                                              <\/div>\n              <div class=\"box-text text-left dark\" >\n                 <p><\/p>\n              <\/div>\n            <\/div>\n            <\/a>          <\/div>\n         <\/div><div class=\"gallery-col col grid-col grid-col-1-3 large-3 medium-6\" >\n          <div class=\"col-inner\">\n            <a class=\"image-lightbox lightbox-gallery\" href=\"https:\/\/padillacarretillaselevadoras.com\/wp-content\/uploads\/2021\/02\/apilador-doble-dt-oa-ruedas-estabilizadoras-dobles.jpg\" title=\"\">            <div class=\"box has-hover gallery-box box-overlay dark box-text-center\">\n              <div class=\"box-image image-zoom\" >\n                <img width=\"300\" height=\"214\" src=\"https:\/\/padillacarretillaselevadoras.com\/wp-content\/uploads\/2021\/02\/apilador-doble-dt-oa-ruedas-estabilizadoras-dobles-300x214.jpg\" class=\"attachment-medium size-medium\" alt=\"\" loading=\"lazy\" ids=\"11433,11384,11383,11429,11382,11185,11391\" style=\"none\" lightbox_image_size=\"original\" type=\"grid\" grid=\"10\" grid_height=\"550\" col_spacing=\"xsmall\" image_size=\"original\" image_hover=\"zoom\" srcset=\"https:\/\/padillacarretillaselevadoras.com\/wp-content\/uploads\/2021\/02\/apilador-doble-dt-oa-ruedas-estabilizadoras-dobles-300x214.jpg 300w, https:\/\/padillacarretillaselevadoras.com\/wp-content\/uploads\/2021\/02\/apilador-doble-dt-oa-ruedas-estabilizadoras-dobles-247x176.jpg 247w, https:\/\/padillacarretillaselevadoras.com\/wp-content\/uploads\/2021\/02\/apilador-doble-dt-oa-ruedas-estabilizadoras-dobles-510x364.jpg 510w, https:\/\/padillacarretillaselevadoras.com\/wp-content\/uploads\/2021\/02\/apilador-doble-dt-oa-ruedas-estabilizadoras-dobles.jpg 555w\" sizes=\"(max-width: 300px) 100vw, 300px\" \/>                                  <div class=\"overlay fill\"\n                      style=\"background-color: rgba(0,0,0,.15)\">\n                  <\/div>\n                                                              <\/div>\n              <div class=\"box-text text-left dark\" >\n                 <p><\/p>\n              <\/div>\n            <\/div>\n            <\/a>          <\/div>\n         <\/div><div class=\"gallery-col col grid-col grid-col-1-3 large-3 medium-6\" >\n          <div class=\"col-inner\">\n            <a class=\"image-lightbox lightbox-gallery\" href=\"https:\/\/padillacarretillaselevadoras.com\/wp-content\/uploads\/2021\/02\/apiladores-es-et-oa-proteccion-frigorifica.jpg\" title=\"\">            <div class=\"box has-hover gallery-box box-overlay dark box-text-center\">\n              <div class=\"box-image image-zoom\" >\n                <img width=\"300\" height=\"214\" src=\"https:\/\/padillacarretillaselevadoras.com\/wp-content\/uploads\/2021\/02\/apiladores-es-et-oa-proteccion-frigorifica-300x214.jpg\" class=\"attachment-medium size-medium\" alt=\"\" loading=\"lazy\" ids=\"11433,11384,11383,11429,11382,11185,11391\" style=\"none\" lightbox_image_size=\"original\" type=\"grid\" grid=\"10\" grid_height=\"550\" col_spacing=\"xsmall\" image_size=\"original\" image_hover=\"zoom\" srcset=\"https:\/\/padillacarretillaselevadoras.com\/wp-content\/uploads\/2021\/02\/apiladores-es-et-oa-proteccion-frigorifica-300x214.jpg 300w, https:\/\/padillacarretillaselevadoras.com\/wp-content\/uploads\/2021\/02\/apiladores-es-et-oa-proteccion-frigorifica-247x176.jpg 247w, https:\/\/padillacarretillaselevadoras.com\/wp-content\/uploads\/2021\/02\/apiladores-es-et-oa-proteccion-frigorifica-510x364.jpg 510w, https:\/\/padillacarretillaselevadoras.com\/wp-content\/uploads\/2021\/02\/apiladores-es-et-oa-proteccion-frigorifica.jpg 555w\" sizes=\"(max-width: 300px) 100vw, 300px\" \/>                                  <div class=\"overlay fill\"\n                      style=\"background-color: rgba(0,0,0,.15)\">\n                  <\/div>\n                                                              <\/div>\n              <div class=\"box-text text-left dark\" >\n                 <p><\/p>\n              <\/div>\n            <\/div>\n            <\/a>          <\/div>\n         <\/div><div class=\"gallery-col col grid-col grid-col-1-3 large-6 medium-6\" >\n          <div class=\"col-inner\">\n            <a class=\"image-lightbox lightbox-gallery\" href=\"https:\/\/padillacarretillaselevadoras.com\/wp-content\/uploads\/2021\/02\/apilador-doble-dt-oa-apoyacargas.jpg\" title=\"\">            <div class=\"box has-hover gallery-box box-overlay dark box-text-center\">\n              <div class=\"box-image image-zoom\" >\n                <img width=\"300\" height=\"214\" src=\"https:\/\/padillacarretillaselevadoras.com\/wp-content\/uploads\/2021\/02\/apilador-doble-dt-oa-apoyacargas-300x214.jpg\" class=\"attachment-medium size-medium\" alt=\"Apilador Doble Serie DS\/DT\" loading=\"lazy\" ids=\"11433,11384,11383,11429,11382,11185,11391\" style=\"none\" lightbox_image_size=\"original\" type=\"grid\" grid=\"10\" grid_height=\"550\" col_spacing=\"xsmall\" image_size=\"original\" image_hover=\"zoom\" srcset=\"https:\/\/padillacarretillaselevadoras.com\/wp-content\/uploads\/2021\/02\/apilador-doble-dt-oa-apoyacargas-300x214.jpg 300w, https:\/\/padillacarretillaselevadoras.com\/wp-content\/uploads\/2021\/02\/apilador-doble-dt-oa-apoyacargas-247x176.jpg 247w, https:\/\/padillacarretillaselevadoras.com\/wp-content\/uploads\/2021\/02\/apilador-doble-dt-oa-apoyacargas-510x364.jpg 510w, https:\/\/padillacarretillaselevadoras.com\/wp-content\/uploads\/2021\/02\/apilador-doble-dt-oa-apoyacargas.jpg 555w\" sizes=\"(max-width: 300px) 100vw, 300px\" \/>                                  <div class=\"overlay fill\"\n                      style=\"background-color: rgba(0,0,0,.15)\">\n                  <\/div>\n                                                              <\/div>\n              <div class=\"box-text text-left dark\" >\n                 <p><\/p>\n              <\/div>\n            <\/div>\n            <\/a>          <\/div>\n         <\/div><div class=\"gallery-col col grid-col grid-col-1-3 large-6 medium-6\" >\n          <div class=\"col-inner\">\n            <a class=\"image-lightbox lightbox-gallery\" href=\"https:\/\/padillacarretillaselevadoras.com\/wp-content\/uploads\/2021\/02\/apilador-doble-dt-oa-doble-mando-de-elevacion-inicial.jpg\" title=\"\">            <div class=\"box has-hover gallery-box box-overlay dark box-text-center\">\n              <div class=\"box-image image-zoom\" >\n                <img width=\"300\" height=\"214\" src=\"https:\/\/padillacarretillaselevadoras.com\/wp-content\/uploads\/2021\/02\/apilador-doble-dt-oa-doble-mando-de-elevacion-inicial-300x214.jpg\" class=\"attachment-medium size-medium\" alt=\"Apilador Doble Serie DS\/DT\" loading=\"lazy\" ids=\"11433,11384,11383,11429,11382,11185,11391\" style=\"none\" lightbox_image_size=\"original\" type=\"grid\" grid=\"10\" grid_height=\"550\" col_spacing=\"xsmall\" image_size=\"original\" image_hover=\"zoom\" srcset=\"https:\/\/padillacarretillaselevadoras.com\/wp-content\/uploads\/2021\/02\/apilador-doble-dt-oa-doble-mando-de-elevacion-inicial-300x214.jpg 300w, https:\/\/padillacarretillaselevadoras.com\/wp-content\/uploads\/2021\/02\/apilador-doble-dt-oa-doble-mando-de-elevacion-inicial-247x176.jpg 247w, https:\/\/padillacarretillaselevadoras.com\/wp-content\/uploads\/2021\/02\/apilador-doble-dt-oa-doble-mando-de-elevacion-inicial-510x364.jpg 510w, https:\/\/padillacarretillaselevadoras.com\/wp-content\/uploads\/2021\/02\/apilador-doble-dt-oa-doble-mando-de-elevacion-inicial.jpg 555w\" sizes=\"(max-width: 300px) 100vw, 300px\" \/>                                  <div class=\"overlay fill\"\n                      style=\"background-color: rgba(0,0,0,.15)\">\n                  <\/div>\n                                                              <\/div>\n              <div class=\"box-text text-left dark\" >\n                 <p><\/p>\n              <\/div>\n            <\/div>\n            <\/a>          <\/div>\n         <\/div><div class=\"gallery-col col grid-col grid-col-1-3 large-6 medium-6\" >\n          <div class=\"col-inner\">\n            <a class=\"image-lightbox lightbox-gallery\" href=\"https:\/\/padillacarretillaselevadoras.com\/wp-content\/uploads\/2021\/02\/apilador-doble-dt-suspension-flexride.jpg\" title=\"\">            <div class=\"box has-hover gallery-box box-overlay dark box-text-center\">\n              <div class=\"box-image image-zoom\" >\n                <img width=\"300\" height=\"237\" src=\"https:\/\/padillacarretillaselevadoras.com\/wp-content\/uploads\/2021\/02\/apilador-doble-dt-suspension-flexride-300x237.jpg\" class=\"attachment-medium size-medium\" alt=\"Apilador Doble Serie DS\/DT\" loading=\"lazy\" ids=\"11433,11384,11383,11429,11382,11185,11391\" style=\"none\" lightbox_image_size=\"original\" type=\"grid\" grid=\"10\" grid_height=\"550\" col_spacing=\"xsmall\" image_size=\"original\" image_hover=\"zoom\" srcset=\"https:\/\/padillacarretillaselevadoras.com\/wp-content\/uploads\/2021\/02\/apilador-doble-dt-suspension-flexride-300x237.jpg 300w, https:\/\/padillacarretillaselevadoras.com\/wp-content\/uploads\/2021\/02\/apilador-doble-dt-suspension-flexride-247x195.jpg 247w, https:\/\/padillacarretillaselevadoras.com\/wp-content\/uploads\/2021\/02\/apilador-doble-dt-suspension-flexride-510x403.jpg 510w, https:\/\/padillacarretillaselevadoras.com\/wp-content\/uploads\/2021\/02\/apilador-doble-dt-suspension-flexride.jpg 570w\" sizes=\"(max-width: 300px) 100vw, 300px\" \/>                                  <div class=\"overlay fill\"\n                      style=\"background-color: rgba(0,0,0,.15)\">\n                  <\/div>\n                                                              <\/div>\n              <div class=\"box-text text-left dark\" >\n                 <p><\/p>\n              <\/div>\n            <\/div>\n            <\/a>          <\/div>\n         <\/div><\/div>\n\t\t<\/div>\n\t\t\t\t\t<\/div>\n\n\t\n<\/div>\n\t\t<\/div>\n\n\t\t\n<style>\n#section_1930456796 {\n  padding-top: 75px;\n  padding-bottom: 75px;\n  background-color: rgb(249, 249, 249);\n}\n@media (min-width:850px) {\n  #section_1930456796 {\n    padding-top: 45px;\n    padding-bottom: 45px;\n  }\n}\n<\/style>\n\t<\/section>\n\t\n<p>\n\n\t<section class=\"section\" id=\"section_1477484205\">\n\t\t<div class=\"section-bg fill\" >\n\t\t\t\t\t\t\t\t\t\n\t\t\t\n\n\t\t<\/div>\n\n\t\t\n\n\t\t<div class=\"section-content relative\">\n\t\t\t\n\n<\/p>\n<p>\n<div class=\"row row-collapse align-middle\"  id=\"row-1411630670\">\n\n<\/p>\n<p>\n\n\t<div id=\"col-1011994922\" class=\"col small-12 large-12\"  >\n\t\t\t\t<div class=\"col-inner\"  >\n\t\t\t\n\t\t\t\n\n<\/p>\n<p>\n\t<div id=\"text-722989135\" class=\"text\">\n\t\t\n\n<\/p>\n<h2 style=\"text-align: center\"><span style=\"color: #ff9900\"><a style=\"color: #ff9900\" href=\"https:\/\/padillacarretillaselevadoras.com\/solicitar-informacion\/\"><strong>Cliquez ici pour demander plus d'informations sur le produit!<\/strong><\/a><\/span><\/h2>\n<p>\n\t\t\n<style>\n#text-722989135 {\n  text-align: center;\n}\n<\/style>\n\t<\/div>\n\t\n<\/p>\n<p>\n\n\t\t<\/div>\n\t\t\t\t\t<\/div>\n\n\t\n<\/p>\n<p>\n\n<\/div>\n<\/p>\n<p>\n\n\t\t<\/div>\n\n\t\t\n<style>\n#section_1477484205 {\n  padding-top: 94px;\n  padding-bottom: 94px;\n}\n<\/style>\n\t<\/section>\n\t\n<\/p>\n","protected":false},"excerpt":{"rendered":"<h2><span style=\"color: #f99b1c;\">Un gerbeur double palettes acc\u00e9l\u00e8re le rythme<\/span><\/h2>\n<p>Crown propose plusieurs variantes des mod\u00e8les pour r\u00e9pondre \u00e0 vos exigences de gerbage double palettes, qu\u2019il s\u2019agisse d\u2019environnements de vente au d\u00e9tail \u00e0 moyenne densit\u00e9 ou des applications haute densit\u00e9 de transfert du stock aux quais. Les s\u00e9ries de gerbeurs double palettes de Crown combinent les capacit\u00e9s d\u2019un gerbeur industriel \u00e0 la flexibilit\u00e9 d\u2019un transpalette, avec en plus la capacit\u00e9 de transporter deux palettes de 1000 kg..<\/p>\n<a href=\"https:\/\/padillacarretillaselevadoras.com\/solicitar-informacion\" class=\"button primary is-primary is-medium\"  >\n\t\t<span>Demander des informations<\/span>\n\t<\/a>\n\n","protected":false},"featured_media":11381,"template":"","meta":[],"product_cat":[794,802,801,450],"product_tag":[488,487],"yoast_head":"<!-- This site is optimized with the Yoast SEO plugin v20.6 - https:\/\/yoast.com\/wordpress\/plugins\/seo\/ -->\n<title>Gerbeur double palettes s\u00e9rie DS \/ s\u00e9rie DT - Padilla Carretillas Elevadoras 4.0<\/title>\n<meta name=\"robots\" content=\"index, follow, max-snippet:-1, max-image-preview:large, max-video-preview:-1\" \/>\n<link rel=\"canonical\" href=\"https:\/\/padillacarretillaselevadoras.com\/fr\/catalogo\/apilador-doble-serie-ds-dt\/\" \/>\n<meta property=\"og:locale\" content=\"fr_FR\" \/>\n<meta property=\"og:type\" content=\"article\" \/>\n<meta property=\"og:title\" content=\"Gerbeur double palettes s\u00e9rie DS \/ s\u00e9rie DT - Padilla Carretillas Elevadoras 4.0\" \/>\n<meta property=\"og:description\" content=\"Un gerbeur double palettes acc\u00e9l\u00e8re le rythme Crown propose plusieurs variantes des mod\u00e8les pour r\u00e9pondre \u00e0 vos exigences de gerbage double palettes, qu\u2019il s\u2019agisse d\u2019environnements de vente au d\u00e9tail \u00e0 moyenne densit\u00e9 ou des applications haute densit\u00e9 de transfert du stock aux quais. Les s\u00e9ries de gerbeurs double palettes de Crown combinent les capacit\u00e9s d\u2019un gerbeur industriel \u00e0 la flexibilit\u00e9 d\u2019un transpalette, avec en plus la capacit\u00e9 de transporter deux palettes de 1000 kg..\" \/>\n<meta property=\"og:url\" content=\"https:\/\/padillacarretillaselevadoras.com\/fr\/catalogo\/apilador-doble-serie-ds-dt\/\" \/>\n<meta property=\"og:site_name\" content=\"Padilla Carretillas Elevadoras 4.0\" \/>\n<meta property=\"article:modified_time\" content=\"2021-03-19T10:35:39+00:00\" \/>\n<meta property=\"og:image\" content=\"https:\/\/padillacarretillaselevadoras.com\/wp-content\/uploads\/2021\/02\/apilador-doble-ds-dt.png\" \/>\n\t<meta property=\"og:image:width\" content=\"900\" \/>\n\t<meta property=\"og:image:height\" content=\"900\" \/>\n\t<meta property=\"og:image:type\" content=\"image\/png\" \/>\n<meta name=\"twitter:card\" content=\"summary_large_image\" \/>\n<meta name=\"twitter:label1\" content=\"Dur\u00e9e de lecture estim\u00e9e\" \/>\n\t<meta name=\"twitter:data1\" content=\"11 minutes\" \/>\n<script type=\"application\/ld+json\" class=\"yoast-schema-graph\">{\"@context\":\"https:\/\/schema.org\",\"@graph\":[{\"@type\":\"WebPage\",\"@id\":\"https:\/\/padillacarretillaselevadoras.com\/fr\/catalogo\/apilador-doble-serie-ds-dt\/\",\"url\":\"https:\/\/padillacarretillaselevadoras.com\/fr\/catalogo\/apilador-doble-serie-ds-dt\/\",\"name\":\"Gerbeur double palettes s\u00e9rie DS \/ s\u00e9rie DT - Padilla Carretillas Elevadoras 4.0\",\"isPartOf\":{\"@id\":\"https:\/\/padillacarretillaselevadoras.com\/#website\"},\"datePublished\":\"2021-02-12T12:40:20+00:00\",\"dateModified\":\"2021-03-19T10:35:39+00:00\",\"breadcrumb\":{\"@id\":\"https:\/\/padillacarretillaselevadoras.com\/fr\/catalogo\/apilador-doble-serie-ds-dt\/#breadcrumb\"},\"inLanguage\":\"fr-FR\",\"potentialAction\":[{\"@type\":\"ReadAction\",\"target\":[\"https:\/\/padillacarretillaselevadoras.com\/fr\/catalogo\/apilador-doble-serie-ds-dt\/\"]}]},{\"@type\":\"BreadcrumbList\",\"@id\":\"https:\/\/padillacarretillaselevadoras.com\/fr\/catalogo\/apilador-doble-serie-ds-dt\/#breadcrumb\",\"itemListElement\":[{\"@type\":\"ListItem\",\"position\":1,\"name\":\"Portada\",\"item\":\"https:\/\/padillacarretillaselevadoras.com\/fr\/\"},{\"@type\":\"ListItem\",\"position\":2,\"name\":\"Tienda\",\"item\":\"https:\/\/padillacarretillaselevadoras.com\/tienda\/\"},{\"@type\":\"ListItem\",\"position\":3,\"name\":\"Gerbeur double palettes s\u00e9rie DS \/ s\u00e9rie DT\"}]},{\"@type\":\"WebSite\",\"@id\":\"https:\/\/padillacarretillaselevadoras.com\/#website\",\"url\":\"https:\/\/padillacarretillaselevadoras.com\/\",\"name\":\"Padilla Carretillas Elevadoras 4.0\",\"description\":\"Carretillas elevadoras en Tenerife\",\"publisher\":{\"@id\":\"https:\/\/padillacarretillaselevadoras.com\/#organization\"},\"potentialAction\":[{\"@type\":\"SearchAction\",\"target\":{\"@type\":\"EntryPoint\",\"urlTemplate\":\"https:\/\/padillacarretillaselevadoras.com\/?s={search_term_string}\"},\"query-input\":\"required name=search_term_string\"}],\"inLanguage\":\"fr-FR\"},{\"@type\":\"Organization\",\"@id\":\"https:\/\/padillacarretillaselevadoras.com\/#organization\",\"name\":\"Padilla Carretillas Elevadoras 4.0\",\"url\":\"https:\/\/padillacarretillaselevadoras.com\/\",\"logo\":{\"@type\":\"ImageObject\",\"inLanguage\":\"fr-FR\",\"@id\":\"https:\/\/padillacarretillaselevadoras.com\/#\/schema\/logo\/image\/\",\"url\":\"https:\/\/padillacarretillaselevadoras.com\/wp-content\/uploads\/2018\/01\/logoWeb.png\",\"contentUrl\":\"https:\/\/padillacarretillaselevadoras.com\/wp-content\/uploads\/2018\/01\/logoWeb.png\",\"width\":255,\"height\":76,\"caption\":\"Padilla Carretillas Elevadoras 4.0\"},\"image\":{\"@id\":\"https:\/\/padillacarretillaselevadoras.com\/#\/schema\/logo\/image\/\"}}]}<\/script>\n<!-- \/ Yoast SEO plugin. -->","yoast_head_json":{"title":"Gerbeur double palettes s\u00e9rie DS \/ s\u00e9rie DT - Padilla Carretillas Elevadoras 4.0","robots":{"index":"index","follow":"follow","max-snippet":"max-snippet:-1","max-image-preview":"max-image-preview:large","max-video-preview":"max-video-preview:-1"},"canonical":"https:\/\/padillacarretillaselevadoras.com\/fr\/catalogo\/apilador-doble-serie-ds-dt\/","og_locale":"fr_FR","og_type":"article","og_title":"Gerbeur double palettes s\u00e9rie DS \/ s\u00e9rie DT - Padilla Carretillas Elevadoras 4.0","og_description":"Un gerbeur double palettes acc\u00e9l\u00e8re le rythme Crown propose plusieurs variantes des mod\u00e8les pour r\u00e9pondre \u00e0 vos exigences de gerbage double palettes, qu\u2019il s\u2019agisse d\u2019environnements de vente au d\u00e9tail \u00e0 moyenne densit\u00e9 ou des applications haute densit\u00e9 de transfert du stock aux quais. Les s\u00e9ries de gerbeurs double palettes de Crown combinent les capacit\u00e9s d\u2019un gerbeur industriel \u00e0 la flexibilit\u00e9 d\u2019un transpalette, avec en plus la capacit\u00e9 de transporter deux palettes de 1000 kg..","og_url":"https:\/\/padillacarretillaselevadoras.com\/fr\/catalogo\/apilador-doble-serie-ds-dt\/","og_site_name":"Padilla Carretillas Elevadoras 4.0","article_modified_time":"2021-03-19T10:35:39+00:00","og_image":[{"width":900,"height":900,"url":"https:\/\/padillacarretillaselevadoras.com\/wp-content\/uploads\/2021\/02\/apilador-doble-ds-dt.png","type":"image\/png"}],"twitter_card":"summary_large_image","twitter_misc":{"Dur\u00e9e de lecture estim\u00e9e":"11 minutes"},"schema":{"@context":"https:\/\/schema.org","@graph":[{"@type":"WebPage","@id":"https:\/\/padillacarretillaselevadoras.com\/fr\/catalogo\/apilador-doble-serie-ds-dt\/","url":"https:\/\/padillacarretillaselevadoras.com\/fr\/catalogo\/apilador-doble-serie-ds-dt\/","name":"Gerbeur double palettes s\u00e9rie DS \/ s\u00e9rie DT - Padilla Carretillas Elevadoras 4.0","isPartOf":{"@id":"https:\/\/padillacarretillaselevadoras.com\/#website"},"datePublished":"2021-02-12T12:40:20+00:00","dateModified":"2021-03-19T10:35:39+00:00","breadcrumb":{"@id":"https:\/\/padillacarretillaselevadoras.com\/fr\/catalogo\/apilador-doble-serie-ds-dt\/#breadcrumb"},"inLanguage":"fr-FR","potentialAction":[{"@type":"ReadAction","target":["https:\/\/padillacarretillaselevadoras.com\/fr\/catalogo\/apilador-doble-serie-ds-dt\/"]}]},{"@type":"BreadcrumbList","@id":"https:\/\/padillacarretillaselevadoras.com\/fr\/catalogo\/apilador-doble-serie-ds-dt\/#breadcrumb","itemListElement":[{"@type":"ListItem","position":1,"name":"Portada","item":"https:\/\/padillacarretillaselevadoras.com\/fr\/"},{"@type":"ListItem","position":2,"name":"Tienda","item":"https:\/\/padillacarretillaselevadoras.com\/tienda\/"},{"@type":"ListItem","position":3,"name":"Gerbeur double palettes s\u00e9rie DS \/ s\u00e9rie DT"}]},{"@type":"WebSite","@id":"https:\/\/padillacarretillaselevadoras.com\/#website","url":"https:\/\/padillacarretillaselevadoras.com\/","name":"Padilla Carretillas Elevadoras 4.0","description":"Carretillas elevadoras en Tenerife","publisher":{"@id":"https:\/\/padillacarretillaselevadoras.com\/#organization"},"potentialAction":[{"@type":"SearchAction","target":{"@type":"EntryPoint","urlTemplate":"https:\/\/padillacarretillaselevadoras.com\/?s={search_term_string}"},"query-input":"required name=search_term_string"}],"inLanguage":"fr-FR"},{"@type":"Organization","@id":"https:\/\/padillacarretillaselevadoras.com\/#organization","name":"Padilla Carretillas Elevadoras 4.0","url":"https:\/\/padillacarretillaselevadoras.com\/","logo":{"@type":"ImageObject","inLanguage":"fr-FR","@id":"https:\/\/padillacarretillaselevadoras.com\/#\/schema\/logo\/image\/","url":"https:\/\/padillacarretillaselevadoras.com\/wp-content\/uploads\/2018\/01\/logoWeb.png","contentUrl":"https:\/\/padillacarretillaselevadoras.com\/wp-content\/uploads\/2018\/01\/logoWeb.png","width":255,"height":76,"caption":"Padilla Carretillas Elevadoras 4.0"},"image":{"@id":"https:\/\/padillacarretillaselevadoras.com\/#\/schema\/logo\/image\/"}}]}},"_links":{"self":[{"href":"https:\/\/padillacarretillaselevadoras.com\/fr\/wp-json\/wp\/v2\/product\/11380"}],"collection":[{"href":"https:\/\/padillacarretillaselevadoras.com\/fr\/wp-json\/wp\/v2\/product"}],"about":[{"href":"https:\/\/padillacarretillaselevadoras.com\/fr\/wp-json\/wp\/v2\/types\/product"}],"wp:featuredmedia":[{"embeddable":true,"href":"https:\/\/padillacarretillaselevadoras.com\/fr\/wp-json\/wp\/v2\/media\/11381"}],"wp:attachment":[{"href":"https:\/\/padillacarretillaselevadoras.com\/fr\/wp-json\/wp\/v2\/media?parent=11380"}],"wp:term":[{"taxonomy":"product_cat","embeddable":true,"href":"https:\/\/padillacarretillaselevadoras.com\/fr\/wp-json\/wp\/v2\/product_cat?post=11380"},{"taxonomy":"product_tag","embeddable":true,"href":"https:\/\/padillacarretillaselevadoras.com\/fr\/wp-json\/wp\/v2\/product_tag?post=11380"}],"curies":[{"name":"wp","href":"https:\/\/api.w.org\/{rel}","templated":true}]}}